{"id":31643,"date":"2015-04-08T17:13:32","date_gmt":"2015-04-08T15:13:32","guid":{"rendered":"https:\/\/www.alexandertechnique.be\/CM\/?page_id=31643"},"modified":"2022-07-22T17:32:30","modified_gmt":"2022-07-22T15:32:30","slug":"notes-sur-la-voix","status":"publish","type":"page","link":"https:\/\/www.alexandertechnique.be\/fr\/ressources\/articles-et-conferences\/notes-sur-la-voix\/","title":{"rendered":"Notes sur la voix"},"content":{"rendered":"<p>par Renaude Gosset<\/p>\n<p>Si on veut bien admettre qu&rsquo;un son de voix se produit sous l&rsquo;influence d&rsquo;un stimulus qui est l&rsquo;\u00e9vocation mentale de ce son et que tous les ph\u00e9nom\u00e8nes physiques concourant \u00e0 sa production sont du domaine de l&rsquo;automatisme, nous devons bien en conclure que notre seul travail pertinent est de ne pas g\u00eaner ces ph\u00e9nom\u00e8nes.<\/p>\n<p>Or, quand il s&rsquo;agit du son chant\u00e9, nous croyons que nous pouvons ou m\u00eame que nous devons le produire en intervenant avec des man\u0153uvres physiques d\u00e9cid\u00e9es par une \u00e9laboration th\u00e9orique de la production du son, man\u0153uvres qui tendraient \u00e0 se substituer \u00e0 celles qui existent d\u00e9j\u00e0 en r\u00e9ponse au stimulus.<\/p>\n<p>Nous admettrons volontiers que dans la voix parl\u00e9e nous n&rsquo;avons recours \u00e0 aucune man\u0153uvre physique d\u00e9cid\u00e9e et volontairement mise en \u0153uvre : nous pensons et \u00e7a parle.<\/p>\n<p>Si nous n&rsquo;arrivons pas \u00e0 l&rsquo;admettre en ce qui concerne la voix chant\u00e9e c&rsquo;est qu&rsquo;elle sollicite une \u00e9lasticit\u00e9 tissulaire plus grande que celle n\u00e9cessit\u00e9e par la voix parl\u00e9e et que nous n&rsquo;y sommes g\u00e9n\u00e9ralement pas disponibles. C&rsquo;est-\u00e0-dire que les relations du larynx avec ce qui l&rsquo;entoure, les d\u00e9tentes et les contractions de ce qu&rsquo;on appelle les muscles extrins\u00e8ques du larynx doivent gagner en amplitude et que s&rsquo;il parvient au cerveau un message \u00ab\u00a0\u00e9lasticit\u00e9 impossible\u00a0\u00bb, la r\u00e9action va \u00eatre de produire volontairement par des actions sp\u00e9cifiques ce qui ne parvient pas \u00e0 se produire spontan\u00e9ment.<\/p>\n<p>Or, si le fonctionnement de la voix ne d\u00e9pend que de la disponibilit\u00e9 des tissus \u00e0 se pr\u00eater aux cons\u00e9quences r\u00e9flexes d&rsquo;un stimulus, c&rsquo;est cette disponibilit\u00e9 qu&rsquo;il s&rsquo;agit d&rsquo;augmenter : celle du diaphragme et du tissu du pharynx, ce dernier \u00e9tant un partenaire essentiel du larynx, de la langue et du palais en ce qui concerne le niveau interne d&rsquo;une part et la disponibilit\u00e9 du tissu de la t\u00eate du cou et du dos en ce qui concerne le niveau p\u00e9riph\u00e9rique d&rsquo;autre part.<\/p>\n<p>Mais ils ne sont pas seuls en cause, car il n&rsquo;y a de fonctionnement satisfaisant que dans la prise en compte de la continuit\u00e9 tissulaire g\u00e9n\u00e9rale. La peau repr\u00e9sente bien cette continuit\u00e9, surtout si on se rappelle que tous les tissus internes sont li\u00e9s \u00e0 elle et que, d&rsquo;autre part, elle est la fronti\u00e8re entre ce qui est nous et ce qui n&rsquo;est pas nous. C&rsquo;est dire que la stimulation de sa vitalit\u00e9, la prise de conscience de sa pr\u00e9sence joue sur les deux versants de l&rsquo;\u00eatre vivant: le psychique et le corps. Elle cerne l&rsquo;\u00e9tendue mat\u00e9rielle de l&rsquo;\u00eatre et elle est un support imaginaire (au sens de constitution de l&rsquo;image de soi).<\/p>\n<p>Le mouvement du souffle est lui aussi un auxiliaire de cette disponibilit\u00e9 tissulaire et il suffit g\u00e9n\u00e9ralement d&rsquo;en d\u00e9crire exactement le territoire de circulation, de d\u00e9celer les th\u00e9ories inconscientes qu&rsquo;a une personne \u00e0 propos de ce territoire (il suffit de la regarder fonctionner) pour que l&rsquo;expansion normale et automatique survienne. Rien n&rsquo;interdit de penser que les tissus internes qui sont les bords de ce territoire soient en continuit\u00e9 avec la peau elle-m\u00eame et cela aura le m\u00e9rite de ne pas s\u00e9parer l&rsquo;interne et l&rsquo;externe et de pouvoir au contraire les vivre (psychiquement) et les laisser vivre (physiquement).<\/p>\n<p>Aborder ainsi les choses nous aura fait gagner beaucoup de terrain sur les segmentations destructrices du fonctionnement autant que sur la conception classique de l&rsquo;action qui voudrait que nous ordonnancions \u00ab\u00a0le corps\u00a0\u00bb comme s&rsquo;il \u00e9tait \u00ab\u00a0en kit\u00a0\u00bb et que nous ne fassions aucune confiance \u00e0 ses qualit\u00e9s et talents intrins\u00e8ques.<\/p>\n<hr \/>\n<p>Avec l\u2019aimable autorisation de Renaude Gosset<br \/>\n<span style=\"line-height: 1.6em;\">www.alouest.net\/techniquealexander<\/span><\/p>\n<hr \/>\n<p><span style=\"line-height: 1.6em;\"><a href=\"https:\/\/www.alexandertechnique.be\/AT\/uploads\/2015\/05\/logo-150-e1431160318192.png\"><img loading=\"lazy\" decoding=\"async\" class=\"aligncenter size-full wp-image-33022\" src=\"https:\/\/www.alexandertechnique.be\/AT\/uploads\/2015\/05\/logo-150-e1431160318192.png\" alt=\"Alexander Technique Brussels\" width=\"75\" height=\"75\" \/><\/a><\/span><\/p>\n","protected":false},"excerpt":{"rendered":"<p>par Renaude Gosset Si on veut bien admettre qu&rsquo;un son de voix se produit sous l&rsquo;influence d&rsquo;un stimulus qui est l&rsquo;\u00e9vocation mentale de ce son et que tous les ph\u00e9nom\u00e8nes&#8230;<\/p>\n","protected":false},"author":2,"featured_media":0,"parent":31567,"menu_order":7,"comment_status":"closed","ping_status":"open","template":"","meta":{"footnotes":""},"class_list":["post-31643","page","type-page","status-publish"],"_links":{"self":[{"href":"https:\/\/www.alexandertechnique.be\/fr\/wp-json\/wp\/v2\/pages\/31643","targetHints":{"allow":["GET"]}}],"collection":[{"href":"https:\/\/www.alexandertechnique.be\/fr\/wp-json\/wp\/v2\/pages"}],"about":[{"href":"https:\/\/www.alexandertechnique.be\/fr\/wp-json\/wp\/v2\/types\/page"}],"author":[{"embeddable":true,"href":"https:\/\/www.alexandertechnique.be\/fr\/wp-json\/wp\/v2\/users\/2"}],"replies":[{"embeddable":true,"href":"https:\/\/www.alexandertechnique.be\/fr\/wp-json\/wp\/v2\/comments?post=31643"}],"version-history":[{"count":8,"href":"https:\/\/www.alexandertechnique.be\/fr\/wp-json\/wp\/v2\/pages\/31643\/revisions"}],"predecessor-version":[{"id":33732,"href":"https:\/\/www.alexandertechnique.be\/fr\/wp-json\/wp\/v2\/pages\/31643\/revisions\/33732"}],"up":[{"embeddable":true,"href":"https:\/\/www.alexandertechnique.be\/fr\/wp-json\/wp\/v2\/pages\/31567"}],"wp:attachment":[{"href":"https:\/\/www.alexandertechnique.be\/fr\/wp-json\/wp\/v2\/media?parent=31643"}],"curies":[{"name":"wp","href":"https:\/\/api.w.org\/{rel}","templated":true}]}}